{"id":1469,"date":"2017-09-09T20:15:02","date_gmt":"2017-09-09T18:15:02","guid":{"rendered":"http:\/\/ffgleo.de\/wp\/?page_id=1469"},"modified":"2025-04-10T19:55:48","modified_gmt":"2025-04-10T17:55:48","slug":"faecher","status":"publish","type":"page","link":"https:\/\/ffgleo.de\/wp\/?page_id=1469","title":{"rendered":"F\u00e4cher in der Sekundarstufe I"},"content":{"rendered":"<p>Neben den an allen Schulformen \u00fcblichen F\u00e4chern gibt es an Gesamtschulen den Wahlpflichtbereich ab der 7. Klasse bzw. zus\u00e4tzlichen Erg\u00e4nzungsunterricht ab der 9. Klasse. In Klasse 6 und 7 nehmen Sch\u00fcler\/innen an einer selbstgew\u00e4hlten <a href=\"https:\/\/ffgleo.de\/wp\/wp-content\/uploads\/2022\/06\/Ueberblick_AG-Angebot_2022-23_HJ-1-1.pdf\" target=\"_blank\" rel=\"noopener\">Arbeitsgemeinschaft<\/a> (AG) teil.<\/p>\n<h4 style=\"text-align: center;\">Wahlpflichtbereich<\/h4>\n<p>Der Wahlpflichtbereich (WP) beginnt im 7. Schuljahr und l\u00e4uft bis zum Ende der 10. Klasse. Am Ende des 6. Schuljahres muss sich jede Sch\u00fclerin\/jeder Sch\u00fcler f\u00fcr eines der folgenden F\u00e4cher entscheiden:<\/p>\n<ul>\n<li><a href=\"https:\/\/ffgleo.de\/wp\/?page_id=1486\">2. Fremdsprache (Franz\u00f6sisch)<\/a><\/li>\n<li><a href=\"https:\/\/ffgleo.de\/wp\/?page_id=1494\">Naturwissenschaften (Biologie \/ Chemie \/ Physik)<\/a><\/li>\n<li>Wirtschaft und Arbeitswelt (Hauswirtschaft \/ Technik \/ Wirtschaft)<\/li>\n<li><a href=\"https:\/\/ffgleo.de\/wp\/?page_id=1508\">Darstellen &amp; Gestalten<\/a><\/li>\n<\/ul>\n<p>Das gew\u00e4hlte WP-Fach wird durchg\u00e4ngig mit 3 Wochenstunden (Ausnahme: Franz\u00f6sisch mit 4 Wochenstunden in Klasse 7 und 8) unterrichtet. Die WP-F\u00e4cher sind der F\u00e4chergruppe I zugeordnet und es werden &#8211; wie in Mathematik, Deutsch und Englisch &#8211; Klassenarbeiten geschrieben.<\/p>\n<h4 style=\"text-align: center;\">Erg\u00e4nzungsunterricht<\/h4>\n<p>Im 9. Jahrgang kommen f\u00fcr die zwei letzten Schuljahre der Sekundarstufe I Erg\u00e4nzungskurse hinzu. Hier bietet sich die M\u00f6glichkeit, gezielt auf den angestrebten Schulabschluss hinzuarbeiten und nach dem pers\u00f6nlichen Leistungsverm\u00f6gen seine F\u00e4higkeiten und sein Wissen auszuweiten und zu vertiefen oder auch berufsorientiert zu w\u00e4hlen. Im Einzelnen werden gegenw\u00e4rtig folgende Erg\u00e4nzungsstundenf\u00e4cher angeboten:<\/p>\n<ul>\n<li>Latein (als 2. oder 3. Fremdsprache mit Fortf\u00fchrung in der gymnasialen Oberstufe)<\/li>\n<li>Sozialp\u00e4dagogik<\/li>\n<li>Kaufm\u00e4nnischer Lernbereich<\/li>\n<li>Informatik<\/li>\n<li>K\u00fcnstlerisches Gestalten<\/li>\n<li>Gesundheit<\/li>\n<li>Fit for life<\/li>\n<\/ul>\n","protected":false},"excerpt":{"rendered":"<p>Neben den an allen Schulformen \u00fcblichen F\u00e4chern gibt es an Gesamtschulen den Wahlpflichtbereich ab der 7. Klasse bzw. zus\u00e4tzlichen Erg\u00e4nzungsunterricht ab der 9. Klasse. In Klasse 6 und 7 nehmen Sch\u00fcler\/innen an einer selbstgew\u00e4hlten Arbeitsgemeinschaft (AG) teil. Wahlpflichtbereich Der Wahlpflichtbereich (WP) beginnt im 7. Schuljahr und l\u00e4uft bis zum Ende &hellip;<\/p>\n","protected":false},"author":3,"featured_media":0,"parent":0,"menu_order":0,"comment_status":"closed","ping_status":"closed","template":"","meta":{"footnotes":""},"class_list":["post-1469","page","type-page","status-publish","hentry"],"_links":{"self":[{"href":"https:\/\/ffgleo.de\/wp\/index.php?rest_route=\/wp\/v2\/pages\/1469","targetHints":{"allow":["GET"]}}],"collection":[{"href":"https:\/\/ffgleo.de\/wp\/index.php?rest_route=\/wp\/v2\/pages"}],"about":[{"href":"https:\/\/ffgleo.de\/wp\/index.php?rest_route=\/wp\/v2\/types\/page"}],"author":[{"embeddable":true,"href":"https:\/\/ffgleo.de\/wp\/index.php?rest_route=\/wp\/v2\/users\/3"}],"replies":[{"embeddable":true,"href":"https:\/\/ffgleo.de\/wp\/index.php?rest_route=%2Fwp%2Fv2%2Fcomments&post=1469"}],"version-history":[{"count":16,"href":"https:\/\/ffgleo.de\/wp\/index.php?rest_route=\/wp\/v2\/pages\/1469\/revisions"}],"predecessor-version":[{"id":10462,"href":"https:\/\/ffgleo.de\/wp\/index.php?rest_route=\/wp\/v2\/pages\/1469\/revisions\/10462"}],"wp:attachment":[{"href":"https:\/\/ffgleo.de\/wp\/index.php?rest_route=%2Fwp%2Fv2%2Fmedia&parent=1469"}],"curies":[{"name":"wp","href":"https:\/\/api.w.org\/{rel}","templated":true}]}}