{"id":1508,"date":"2017-09-09T20:35:52","date_gmt":"2017-09-09T18:35:52","guid":{"rendered":"http:\/\/ffgleo.de\/wp\/?page_id=1508"},"modified":"2018-04-03T18:31:59","modified_gmt":"2018-04-03T16:31:59","slug":"fach-darstellen-gestalten","status":"publish","type":"page","link":"https:\/\/ffgleo.de\/wp\/?page_id=1508","title":{"rendered":"Fach: Darstellen &#038; Gestalten"},"content":{"rendered":"<p>Im Wahlpflichtbereich bietet dir das Fach Darstellen &amp; Gestalten die M\u00f6glichkeit, im musisch-\u00e4sthetischen Bereich einen Schwerpunkt zu bilden. Teilbereiche der F\u00e4cher Kunst, Musik, Deutsch und Sport flie\u00dfen in die Unterrichtsarbeit ein.<\/p>\n<h4>Aufgaben und Ziele des Faches<\/h4>\n<ul>\n<li>Du lernst Gedanken, Inhalte, Gef\u00fchle, Phantasien mit Hilfe verschiedener k\u00fcnstlerischer Mittel auszudr\u00fccken. Diese k\u00fcnstlerischen Mittel k\u00f6nnen K\u00f6rperbewegungen, Kl\u00e4nge, T\u00f6ne, Texte oder Farben sein.<\/li>\n<li>Du lernst, viele Ideen zu entwickeln, kreativ zu sein, langfristig an einer Sache zu arbeiten.<\/li>\n<li>Du lernst, mit anderen zusammen zu arbeiten. Partner- und Teamarbeit sind grundlegende Arbeitsformen.<\/li>\n<li>Du entwickelst die F\u00e4higkeit, sachlich Stellung zu nehmen, konstruktiv Kritik zu \u00fcben und in Empfang zu nehmen.<\/li>\n<li>Du lernst, vor Publikum aufzutreten und deine Unterrichtsergebnisse zu pr\u00e4sentieren.<\/li>\n<\/ul>\n<p>&nbsp;<\/p>\n<h3 style=\"text-align: center;\">Inhalte<\/h3>\n<h4>6. Jahrgang<\/h4>\n<p>Zu Beginn des 6. Schuljahres ist ein wesentlicher Schwerpunkt die K\u00f6rperarbeit.<br \/>\nDu lernst die M\u00f6glichkeiten der K\u00f6rpersprache kennen.<\/p>\n<p>Das hei\u00dft, du erf\u00e4hrst, wie du anderen durch die Art wie du gehst, wie du stehst, wie du sitzt, etwas mitteilen kannst. Vielleicht hast du schon einmal beobachtet, dass Menschen durch die Art wie sie da stehen oder sitzen unsicher, ratlos, verzweifelt oder auch m\u00e4chtig, entschlossen, kraftvoll wirken. Das liegt an ihrer K\u00f6rpersprache.<\/p>\n<p>Du lernst, die M\u00f6glichkeiten der <strong>K\u00f6rpersprache<\/strong> bei dir selbst zu entdecken, bewusst und gezielt einzusetzen.<\/p>\n<p>Hierf\u00fcr werden \u00dcbungen gemacht, um sp\u00e4ter gemeinsam mit anderen kleine Szenen spielen zu k\u00f6nnen. Hierbei ist die Zusammenarbeit in der Kleingruppe, im Team ganz wichtig. Gemeinsam wird \u00fcberlegt, in welchen Formationen, mit welchen Raumwegen eine b\u00fchnenwirksame Pr\u00e4sentation f\u00fcr die Auff\u00fchrung eines kleinen St\u00fcckes entsteht. F\u00fcr die Arbeit auf der B\u00fchne, f\u00fcr alle gelungenen Aktivit\u00e4ten, ist eine wichtige Voraussetzung die Pr\u00e4senz, das hei\u00dft, das konzentrierte, aufmerksame Mitmachen.<\/p>\n<p>&nbsp;<\/p>\n<h4>7. und 8. Jahrgang<\/h4>\n<p>Im 7. und 8. Schuljahr ist weiter die K\u00f6rperarbeit ein wesentlicher Schwerpunkt, hinzu kommen jetzt drei weitere fachliche Schwerpunkte:<\/p>\n<ol>\n<li><strong>Der kreative und wirkungsvolle Einsatz von Stimme und Sprache<\/strong><br \/>\n(wortsprachlicher Bereich)<br \/>\nEs werden viele \u00dcbungen gemacht, um die Stimme zu schulen. Ihr lernt laut und deutlich zu sprechen. Ihr entwickelt die F\u00e4higkeit, einen Text betont und interpretierend vorzutragen. Au\u00dferdem lernt ihr M\u00f6glichkeiten kennen, eigene, kreative Texte zu schreiben, die ihr dann im Spiel benutzen und vortragen k\u00f6nnt.<\/li>\n<li><strong>Der Einsatz von Musik und Rhythmik<\/strong> (musiksprachlicher Bereich)<br \/>\nMusik wird entweder gezielt gesucht und eingesetzt oder mit einfachen rhythmischen Instrumenten, der Stimme selbst hergestellt. Rhythmus wird sowohl beim Sprechen als auch bei der Bewegung eine wichtige Rolle spielen.<\/li>\n<li><strong>Der Einsatz von gestalterischen M\u00f6glichkeiten<\/strong> (bildsprachlicher Bereich)<br \/>\nDies umfasst Formen k\u00fcnstlerischer Gestaltung, die durch Farbe, Stoff, Pappe, Papier oder Licht auf der B\u00fchne sichtbar werden. Es spielt sowohl die Gestaltung der eigenen Person (Schminke, Maske, Kost\u00fcm) als auch die Gestaltung von Requisiten oder des gesamten B\u00fchnenbildes eine Rolle.<\/li>\n<\/ol>\n<p>Wort-, musik, bild- und k\u00f6rpersprachlicher Bereich bilden f\u00fcr jeweils ein Schulhalbjahr die Grundlage der Unterrichtsarbeit.<\/p>\n<p>&nbsp;<\/p>\n<h4><img loading=\"lazy\" decoding=\"async\" class=\"alignright wp-image-1513 size-medium\" src=\"https:\/\/ffgleo.de\/wp\/wp-content\/uploads\/2017\/09\/DUG_schwarzlicht-300x208.jpg\" alt=\"\" width=\"300\" height=\"208\" srcset=\"https:\/\/ffgleo.de\/wp\/wp-content\/uploads\/2017\/09\/DUG_schwarzlicht-300x208.jpg 300w, https:\/\/ffgleo.de\/wp\/wp-content\/uploads\/2017\/09\/DUG_schwarzlicht.jpg 475w\" sizes=\"auto, (max-width: 300px) 100vw, 300px\" \/>9. und 10. Jahrgang<\/h4>\n<p>In Gruppen werden umfassende Projekte und die Pr\u00e4sentation eigener Gestaltungen selbstverantwortlich geplant und realisiert. Hierbei werden die Ausdrucksm\u00f6glichkeiten der vier fachlichen Bereiche miteinander vernetzt.<br \/>\nIn den Projekten lernt ihr<\/p>\n<ul>\n<li>eure Gestaltungen selbstst\u00e4ndig, strukturiert zu planen und wirkungsvoll auf der B\u00fchne umzusetzen.<\/li>\n<li>in eigenen Gestaltungen und Produktionen verschiedene Sprechformate begr\u00fcndet zu verwenden und M\u00f6glichkeiten unterschiedlichen Sprechens bzw. Einsatz der Stimme zielgerichtet einzusetzen.<\/li>\n<li>den B\u00fchnenraum, Objekte und den eigenen K\u00f6rper wirkungsvoll und begr\u00fcndet zu gestalten.<\/li>\n<li>musikalische Gestaltungen im Zusammenspiel mit bild-, k\u00f6rper- und wortsprachlichen Kon\u00adzepten zu entwickeln und zielorientiert einzusetzen.<\/li>\n<\/ul>\n<p>&nbsp;<\/p>\n<h4>Das Fach Darstellen &amp; Gestalten ist ein geeignetes Fach f\u00fcr dich<\/h4>\n<ul>\n<li>wenn du gerne kreativ arbeitest und es dir Spa\u00df macht, dir etwas auszudenken.<\/li>\n<li>wenn du gerne selbst\u00e4ndig und eigenverantwortlich, auch in der Gruppe arbeiten magst.<\/li>\n<li>wenn du Spa\u00df hast dir etwas auszudenken.<\/li>\n<li>wenn du Spa\u00df an Kunst, Musik Theater und eigener Bewegung hast.<\/li>\n<li>wenn du Lust hast, deine Arbeitsergebnisse anderen zu pr\u00e4sentieren oder du gerade dies gerne lernen m\u00f6chtest.<\/li>\n<\/ul>\n<p>&nbsp;<\/p>\n<h4>Leistungsbeurteilung<\/h4>\n<p><img loading=\"lazy\" decoding=\"async\" class=\"alignright size-medium wp-image-1514\" src=\"https:\/\/ffgleo.de\/wp\/wp-content\/uploads\/2017\/09\/dug3-138x300.jpg\" alt=\"\" width=\"138\" height=\"300\" srcset=\"https:\/\/ffgleo.de\/wp\/wp-content\/uploads\/2017\/09\/dug3-138x300.jpg 138w, https:\/\/ffgleo.de\/wp\/wp-content\/uploads\/2017\/09\/dug3.jpg 150w\" sizes=\"auto, (max-width: 138px) 100vw, 138px\" \/>Wie in den anderen F\u00e4chern werden Klassenarbeiten gestellt und die Mitarbeit im Unterricht bewertet.<br \/>\nEine Klassenarbeiten kann in einer praktischen Gestaltungsarbeit<br \/>\n(Entwicklung einer Choreographie, Spiel einer Szene, Entwurf eines Kost\u00fcms, einer Maske, einer musikalischen Bearbeitung usw.) zusammen mit einem Kommentar dessen, was geplant und gemacht worden ist oder im Schreiben eines Textes (Dialoge f\u00fcr eine Szene o.\u00e4.) bestehen.<\/p>\n<p>Die Mitarbeit im Unterricht umfasst m\u00fcndliche Beitr\u00e4ge zum Unterrichtsgespr\u00e4ch, kooperatives und soziales Verhalten w\u00e4hrend der Arbeit, Einbringen kreativer L\u00f6sungsans\u00e4tze und die planvolle, langfristige Erarbeitung von Gestaltungen.<\/p>\n","protected":false},"excerpt":{"rendered":"<p>Im Wahlpflichtbereich bietet dir das Fach Darstellen &amp; Gestalten die M\u00f6glichkeit, im musisch-\u00e4sthetischen Bereich einen Schwerpunkt zu bilden. Teilbereiche der F\u00e4cher Kunst, Musik, Deutsch und Sport flie\u00dfen in die Unterrichtsarbeit ein. Aufgaben und Ziele des Faches Du lernst Gedanken, Inhalte, Gef\u00fchle, Phantasien mit Hilfe verschiedener k\u00fcnstlerischer Mittel auszudr\u00fccken. Diese k\u00fcnstlerischen &hellip;<\/p>\n","protected":false},"author":3,"featured_media":0,"parent":1469,"menu_order":0,"comment_status":"closed","ping_status":"closed","template":"","meta":{"footnotes":""},"class_list":["post-1508","page","type-page","status-publish","hentry"],"_links":{"self":[{"href":"https:\/\/ffgleo.de\/wp\/index.php?rest_route=\/wp\/v2\/pages\/1508","targetHints":{"allow":["GET"]}}],"collection":[{"href":"https:\/\/ffgleo.de\/wp\/index.php?rest_route=\/wp\/v2\/pages"}],"about":[{"href":"https:\/\/ffgleo.de\/wp\/index.php?rest_route=\/wp\/v2\/types\/page"}],"author":[{"embeddable":true,"href":"https:\/\/ffgleo.de\/wp\/index.php?rest_route=\/wp\/v2\/users\/3"}],"replies":[{"embeddable":true,"href":"https:\/\/ffgleo.de\/wp\/index.php?rest_route=%2Fwp%2Fv2%2Fcomments&post=1508"}],"version-history":[{"count":4,"href":"https:\/\/ffgleo.de\/wp\/index.php?rest_route=\/wp\/v2\/pages\/1508\/revisions"}],"predecessor-version":[{"id":1516,"href":"https:\/\/ffgleo.de\/wp\/index.php?rest_route=\/wp\/v2\/pages\/1508\/revisions\/1516"}],"up":[{"embeddable":true,"href":"https:\/\/ffgleo.de\/wp\/index.php?rest_route=\/wp\/v2\/pages\/1469"}],"wp:attachment":[{"href":"https:\/\/ffgleo.de\/wp\/index.php?rest_route=%2Fwp%2Fv2%2Fmedia&parent=1508"}],"curies":[{"name":"wp","href":"https:\/\/api.w.org\/{rel}","templated":true}]}}