{"id":6436,"date":"2020-08-26T23:59:54","date_gmt":"2020-08-26T21:59:54","guid":{"rendered":"https:\/\/ffgleo.de\/wp\/?page_id=6436"},"modified":"2020-09-08T09:49:40","modified_gmt":"2020-09-08T07:49:40","slug":"unsere-fachkraefte-im-multiprofessionellen-team","status":"publish","type":"page","link":"https:\/\/ffgleo.de\/wp\/?page_id=6436","title":{"rendered":"Unsere Fachkr\u00e4fte im multiprofessionellen Team:"},"content":{"rendered":"\n<p><\/p>\n\n\n\n<figure class=\"wp-block-table\"><table><tbody><tr><td class=\"has-text-align-center\" data-align=\"center\"><img decoding=\"async\" src=\"https:\/\/ffgleo.de\/wp\/wp-content\/uploads\/2020\/09\/Lehrer-Faerber-Felix.jpg\" alt=\"Dieses Bild hat ein leeres Alt-Attribut. Der Dateiname ist Lehrer-Faerber-Felix.jpg\" style=\"width: 250px;\"><\/td><td class=\"has-text-align-center\" data-align=\"center\"><img decoding=\"async\" src=\"https:\/\/ffgleo.de\/wp\/wp-content\/uploads\/2020\/09\/Lehrer-Fiefstueck-Rune.jpg\" alt=\"Dieses Bild hat ein leeres Alt-Attribut. Der Dateiname ist Lehrer-Fiefstueck-Rune.jpg\" style=\"width: 250px;\"><\/td><\/tr><tr><td class=\"has-text-align-center\" data-align=\"center\"><strong>Felix F\u00e4rber<\/strong>\u00a0<br>Sozialarbeiter\/Sozialp\u00e4dagoge (B.A.)<br><strong>Mail: <\/strong><a href=\"mailto:felix.faerber@ffgleo.net\"><strong>felix.faerber@ffgleo.net<\/strong><\/a>\u00a0\u00a0<\/td><td class=\"has-text-align-center\" data-align=\"center\"><strong>Rune Fiefst\u00fcck<\/strong><br>Sozialarbeiter\/Sozialp\u00e4dagoge (B.A.)<br><strong>Mail: <\/strong><a href=\"mailto:rune.fiefstueck@ffgleo.net\"><strong>rune.fiefstueck@ffgleo.net<\/strong><\/a><\/td><\/tr><\/tbody><\/table><\/figure>\n\n\n\n<p><em>\u201eInklusion hei\u00dft Grundlagen daf\u00fcr zu schaffen, dass jeder Mensch entsprechend seiner Bed\u00fcrfnisse unterst\u00fctzt und gef\u00f6rdert wird. Vielfalt ist normal und gew\u00fcnscht. Deshalb ist es das Ziel unserer Schule, mit der gr\u00f6\u00dferen Heterogenit\u00e4t konstruktiv umzugehen und jeder Sch\u00fclerin und jedem Sch\u00fcler bestm\u00f6gliche Bedingungen zu bieten und sie ihren individuellen F\u00e4higkeiten und Fertigkeiten entsprechend zu f\u00f6rdern und zu fordern\u201c<\/em> (Auszug aus dem <a href=\"https:\/\/ffgleo.de\/wp\/?page_id=3949\" target=\"_blank\" rel=\"noreferrer noopener\">Inklusionskonzept unserer Schule<\/a>).<\/p>\n\n\n\n<p>Seit November 2019 gibt es an unserer Schule Fachkr\u00e4fte im multiprofessionellen Team im Gemeinsamen Lernen (kurz: MPT-Fachkr\u00e4fte). Sie arbeiten mit Lehrkr\u00e4ften, Sonderp\u00e4dagog*innen, Schulsozialarbeit und anderen am Schulleben Beteiligten als \u201emultiprofessionelles Team\u201c zusammen mit dem Ziel \u201eVoraussetzungen f\u00fcr gelingende inklusive Lernprozesse in heterogenen Gruppen des Gemeinsamen Lernens zu entwickeln und umzusetzen\u201c<a href=\"#_ftn1\">[1]<\/a>.<\/p>\n\n\n\n<p>Der Arbeitsschwerpunkt der MPT-Fachkr\u00e4fte liegt in der Unterst\u00fctzung und F\u00f6rderung aller Sch\u00fcler*innen im Unterricht. Dar\u00fcber hinaus werden sie im Bereich des \u00dcbergangs Schule-Beruf (u.a. Berufsorientierung, Praktikumsvorbereitung, Praktikumsbegleitung) eingesetzt. Au\u00dferdem werden inklusive Arbeitsgemeinschaften in Kooperation mit der Schulsozialarbeit, dem \u00f6rtlichen Jugendzentrum \u201eLEOS\u201c und dem Seniorenruhesitz \u201eSielemanns Hof\u201c angeboten.<\/p>\n\n\n\n<p><strong>F\u00fcr Gespr\u00e4che mit Sch\u00fcler*innen oder Eltern\/Erziehungsberechtigten stehen unsere MPT-Fachkr\u00e4fte gerne zur Verf\u00fcgung.<\/strong><\/p>\n\n\n\n<hr class=\"wp-block-separator\"\/>\n\n\n\n<p><a href=\"#_ftnref1\">[1]<\/a> Bezirksregierung K\u00f6ln (Hrsg.) (2019): Hinweise zu den Aufgaben der Fachkr\u00e4fte aus anderen p\u00e4dagogischen Berufsgruppen\/Handwerksmeisterinnen und Handwerksmeister im Rahmen von multiprofessionellen Teams an Schulen der Sekundarstufe I. <a href=\"https:\/\/www.bezreg-koeln.nrw.de\/brk_internet\/leistungen\/abteilung04\/generalien\/inklusion\/hinweise_paed_fachkraefte_20190716.pdf\">https:\/\/www.bezreg-koeln.nrw.de\/brk_internet\/leistungen\/abteilung04\/generalien\/inklusion\/hinweise_paed_fachkraefte_20190716.pdf<\/a> (Zugriff: 07.08.2020).<\/p>\n","protected":false},"excerpt":{"rendered":"<p>Felix F\u00e4rber\u00a0Sozialarbeiter\/Sozialp\u00e4dagoge (B.A.)Mail: felix.faerber@ffgleo.net\u00a0\u00a0 Rune Fiefst\u00fcckSozialarbeiter\/Sozialp\u00e4dagoge (B.A.)Mail: rune.fiefstueck@ffgleo.net \u201eInklusion hei\u00dft Grundlagen daf\u00fcr zu schaffen, dass jeder Mensch entsprechend seiner Bed\u00fcrfnisse unterst\u00fctzt und gef\u00f6rdert wird. Vielfalt ist normal und gew\u00fcnscht. Deshalb ist es das Ziel unserer Schule, mit der gr\u00f6\u00dferen Heterogenit\u00e4t konstruktiv umzugehen und jeder Sch\u00fclerin und jedem Sch\u00fcler bestm\u00f6gliche Bedingungen &hellip;<\/p>\n","protected":false},"author":9,"featured_media":0,"parent":0,"menu_order":0,"comment_status":"closed","ping_status":"closed","template":"","meta":{"footnotes":""},"class_list":["post-6436","page","type-page","status-publish","hentry"],"_links":{"self":[{"href":"https:\/\/ffgleo.de\/wp\/index.php?rest_route=\/wp\/v2\/pages\/6436","targetHints":{"allow":["GET"]}}],"collection":[{"href":"https:\/\/ffgleo.de\/wp\/index.php?rest_route=\/wp\/v2\/pages"}],"about":[{"href":"https:\/\/ffgleo.de\/wp\/index.php?rest_route=\/wp\/v2\/types\/page"}],"author":[{"embeddable":true,"href":"https:\/\/ffgleo.de\/wp\/index.php?rest_route=\/wp\/v2\/users\/9"}],"replies":[{"embeddable":true,"href":"https:\/\/ffgleo.de\/wp\/index.php?rest_route=%2Fwp%2Fv2%2Fcomments&post=6436"}],"version-history":[{"count":3,"href":"https:\/\/ffgleo.de\/wp\/index.php?rest_route=\/wp\/v2\/pages\/6436\/revisions"}],"predecessor-version":[{"id":6477,"href":"https:\/\/ffgleo.de\/wp\/index.php?rest_route=\/wp\/v2\/pages\/6436\/revisions\/6477"}],"wp:attachment":[{"href":"https:\/\/ffgleo.de\/wp\/index.php?rest_route=%2Fwp%2Fv2%2Fmedia&parent=6436"}],"curies":[{"name":"wp","href":"https:\/\/api.w.org\/{rel}","templated":true}]}}